{"id":6872,"date":"2024-02-06T11:50:25","date_gmt":"2024-02-06T10:50:25","guid":{"rendered":"https:\/\/ensemblelareveuse.com\/?page_id=6872"},"modified":"2025-02-10T15:26:20","modified_gmt":"2025-02-10T14:26:20","slug":"extrait-de-presse-carnaval-des-animaux","status":"publish","type":"page","link":"https:\/\/ensemblelareveuse.com\/en\/extrait-de-presse-carnaval-des-animaux\/","title":{"rendered":"Extrait de presse Carnaval des animaux"},"content":{"rendered":"<p class=\"qtranxs-available-languages-message qtranxs-available-languages-message-en\">Sorry, this entry is only available in <a href=\"https:\/\/ensemblelareveuse.com\/fr\/wp-json\/wp\/v2\/pages\/6872\" class=\"qtranxs-available-language-link qtranxs-available-language-link-fr\" title=\"Fran\u00e7ais\">French<\/a>. For the sake of viewer convenience, the content is shown below in the alternative language. You may click the link to switch the active language.<\/p><p><a href=\"https:\/\/www.liberation.fr\/culture\/musique\/sur-scene-le-carnaval-des-animaux-pas-beaux-20221110_X3MVBPUIQZDM7NMNQ3MWEFGOIA\/\"><img loading=\"lazy\" decoding=\"async\" class=\"alignnone size-full wp-image-6911\" src=\"https:\/\/ensemblelareveuse.com\/wp-content\/uploads\/2025\/02\/Liberation.svg_.png\" alt=\"\" width=\"420\" height=\"155\" srcset=\"https:\/\/ensemblelareveuse.com\/wp-content\/uploads\/2025\/02\/Liberation.svg_.png 420w, https:\/\/ensemblelareveuse.com\/wp-content\/uploads\/2025\/02\/Liberation.svg_-400x148.png 400w\" sizes=\"(max-width: 420px) 100vw, 420px\" \/><\/a><a href=\"https:\/\/www.diapasonmag.fr\/critiques\/a-la-cite-de-la-musique-lensemble-la-reveuse-donne-la-parole-aux-animaux-menaces-31867.html#item=4\"><img loading=\"lazy\" decoding=\"async\" class=\"size-full wp-image-6913 alignnone\" src=\"https:\/\/ensemblelareveuse.com\/wp-content\/uploads\/2025\/02\/DIAPASON-MAGAZINE.png\" alt=\"\" width=\"474\" height=\"108\" srcset=\"https:\/\/ensemblelareveuse.com\/wp-content\/uploads\/2025\/02\/DIAPASON-MAGAZINE.png 474w, https:\/\/ensemblelareveuse.com\/wp-content\/uploads\/2025\/02\/DIAPASON-MAGAZINE-400x91.png 400w\" sizes=\"(max-width: 474px) 100vw, 474px\" \/><\/a><\/p>\n<p><a href=\"https:\/\/www.magcentre.fr\/242372-des-animaux-en-peril-et-en-musique-avec-la-reveuse-bientot-a-orleans\/?utm_source=mailpoet&amp;utm_medium=email&amp;utm_campaign=quoi-de-neuf-sur-magcentre-fr_1525\"><img loading=\"lazy\" decoding=\"async\" class=\"alignnone size-medium wp-image-6915\" src=\"https:\/\/ensemblelareveuse.com\/wp-content\/uploads\/2025\/02\/Magcentre.png\" alt=\"\" width=\"500\" height=\"130\" srcset=\"https:\/\/ensemblelareveuse.com\/wp-content\/uploads\/2025\/02\/Magcentre.png 500w, https:\/\/ensemblelareveuse.com\/wp-content\/uploads\/2025\/02\/Magcentre-400x104.png 400w\" sizes=\"(max-width: 500px) 100vw, 500px\" \/><\/a><\/p>\n<p><a href=\"https:\/\/www.gramophone.co.uk\/features\/article\/rema-awards-rewarding-the-best-in-early-music?utm_medium=Social&amp;utm_campaign=Echobox&amp;utm_source=Facebook&amp;fbclid=IwAR32A72hPFuBg7LG-mbPNjv7JSvOnQUHPoDpU-nO1XhdiM6LTc3wxaOM2VQ#Echobox=1675354058\"><i><img loading=\"lazy\" decoding=\"async\" class=\"size-full wp-image-6916 alignleft\" src=\"https:\/\/ensemblelareveuse.com\/wp-content\/uploads\/2025\/02\/gramophone.png\" alt=\"\" width=\"335\" height=\"135\" \/><\/i><\/a><\/p>\n<p>&nbsp;<\/p>\n<p>&nbsp;<\/p>\n<p>&nbsp;<\/p>\n<p>&nbsp;<\/p>\n<p><i>\u00ab<\/i><i>Un m\u00e9lange absolument d\u00e9licieux de patrimoine et de cr\u00e9ation contemporaine.<\/i><i>\u00bb<\/i><\/p>\n<p><b>Elisabteh<\/b><b> Quin, <\/b><b>28 minutes <\/b><b>Arte<\/b> <b>, 04\/23<\/b><\/p>\n<p><i>\u00ab<\/i><i>Tr\u00e8s joliment \u00e9dit\u00e9s \u00e0 la fa\u00e7on d&#8217;un livre richement illustr\u00e9, cette promenade ornithologique \u00e0 travers les si\u00e8cles et ce carnaval aux airs de manifeste (&#8230;) nous offrent le grand air de la libert\u00e9.<\/i><i> \u00bb<\/i><\/p>\n<p><b>Philippe <\/b><b>Venturini<\/b><b>, <\/b><b>Classica<\/b><b>, 03\/23<\/b><\/p>\n<p><i>\u00ab<\/i><i>Un album qui m\u00e9rite beaucoup d&#8217;attention pour sa qualit\u00e9 artistique et l&#8217;urgence de son message<\/i><i>.\u00bb <\/i><\/p>\n<p><b>Carolina Kolbe, <\/b><b>Rondo<\/b><b>, 03\/23<\/b><\/p>\n<p><i>\u00abThis hazy line between \u201creal bird\u201c and\u00a0 \u201cmusical instruments\u201d is luxuriously explored by ensemble La R\u00eaveuse.\u00bb <\/i><\/p>\n<p><b>Mark <\/b><b>Seow<\/b><b>, <\/b><b>Gramophone<\/b><b>, 17\/02\/23<\/b><\/p>\n<p><i>\u00ab\u00a0C\u2019est un album aussi d\u00e9licieux qu\u2019original que nous proposent Florence Bolton et ses complices de l\u2019ensemble La r\u00eaveuse.<\/i><i>\u00bb<\/i><\/p>\n<p><b>Laure <\/b><b>M\u00e9zan<\/b><b>, <\/b><b>Radio Classique<\/b><b>, 14\/02\/23<\/b><\/p>\n<p><i><img loading=\"lazy\" decoding=\"async\" class=\"size-medium wp-image-6984 aligncenter\" src=\"https:\/\/ensemblelareveuse.com\/wp-content\/uploads\/2025\/02\/La-Croix-2023-03-08-482x600.png\" alt=\"\" width=\"482\" height=\"600\" srcset=\"https:\/\/ensemblelareveuse.com\/wp-content\/uploads\/2025\/02\/La-Croix-2023-03-08-482x600.png 482w, https:\/\/ensemblelareveuse.com\/wp-content\/uploads\/2025\/02\/La-Croix-2023-03-08-321x400.png 321w, https:\/\/ensemblelareveuse.com\/wp-content\/uploads\/2025\/02\/La-Croix-2023-03-08.png 720w\" sizes=\"(max-width: 482px) 100vw, 482px\" \/><\/i><\/p>\n<p style=\"text-align: center;\"><i>Article paru le 8 mars 2023, La Croix<\/i><\/p>\n<p>&nbsp;<\/p>\n<p><i>\u00ab<\/i><i>\u00a0On s\u2019\u00e9merveille du chant du rossignol, on rit du coucou et de la poule, on s\u2019attriste avec la fauvette, on go\u00fbte les m\u00e9langes carnavalesques de Schwarzkopf et Mont\u00e9clair. (\u2026) L\u2019interpr\u00e9tation est au diapason de cette richesse, d\u00e9licate et po\u00e9tique mais toujours d\u2019une grande pr\u00e9cision.<\/i><i> \u00bb<\/i><br \/>\n<b>Anne Ibos-Aug\u00e9<\/b>, <b>Diapason<\/b><b>, 03\/2023<\/b><\/p>\n<p><i>\u00ab<\/i><i>\u00a0Florence Bolton et Benjamin Perrot (&#8230;) juxtaposent, dans leur ambitieux projet ornithologique, \u00e9cologique et musical, un Concert des Oiseaux \u00e0 la mode d\u2019autrefois, entre imitations plus ou moins r\u00e9alistes et variations po\u00e9tico-ludiques, et un Carnaval des animaux en p\u00e9ril flambant neuf.\u00bb<\/i><br \/>\n<b>Sophie Bourdais<\/b>, <b>T\u00e9l\u00e9rama TTT<\/b><b>, 11\/02\/2023<\/b><\/p>\n<p><i>\u00ab <\/i><i>\u00c9tonnante rencontre que celle de Vincent Bouchot et de l\u2019Ensemble La R\u00eaveuse ! Dans un monde d\u00e9senchant\u00e9 par le spectacle de son autodestruction, le parti-pris de revisiter les classiques ornithologiques et d\u2019inventer un Carnaval des animaux disparus \u2013 ou presque \u2013 fait sens, d\u2019autant qu\u2019il permet d\u2019entendre un grand nombre d\u2019instruments \u00e0 vent eux-m\u00eames en quasi-extinction.<\/i><i>\u00bb<\/i><i>\u00a0 <\/i><\/p>\n<p><b>Matthieu Roc, <\/b><b>Clef du <\/b><b>mois<\/b> <b>ResMusica<\/b><b>, 21\/02\/2023<\/b><\/p>\n<p><i>\u00ab\u00a0Les auteurs ne s\u2019en cachent pas, le projet du Carnaval des animaux en p\u00e9ril, qui se d\u00e9cline de mani\u00e8re plurielle, et s\u2019accompagne de conf\u00e9rences et ateliers, est engag\u00e9. [&#8230;] [Et] La R\u00eaveuse a bien d\u2019autres id\u00e9es dans les tiroirs de son laboratoire musical, alliant la promotion de partitions et d\u2019instruments anciens \u00e0 nos d\u00e9fis contemporains. \u00bb<\/i><\/p>\n<p><b>Emmanuelle Giuliani, <\/b><b>La Croix<\/b><b>, 08\/03\/2023<\/b><\/p>\n<p><i>\u00ab<\/i><i>An ornithological and zoological adventure awaits listeners here.<\/i><i>\u00bb<\/i><\/p>\n<p><b>Ingrid Pearson, <\/b><b>Classical Music<\/b><b>, 18\/04\/2023<\/b><\/p>\n<p><i>\u00ab<\/i><i>La <\/i><i>R\u00eaveuse\u2019s<\/i><i> The Bird Concert was a delight from beginning to end.<\/i><i>\u00bb<\/i><\/p>\n<p><b>Christine Pilgrim, <\/b><b>Vancouver Presents<\/b><b>, 24\/04\/2023<\/b><\/p>\n<p><i><img loading=\"lazy\" decoding=\"async\" class=\"size-medium wp-image-6985 aligncenter\" src=\"https:\/\/ensemblelareveuse.com\/wp-content\/uploads\/2025\/02\/Telerama-2023-11-17-600x403.jpg\" alt=\"\" width=\"600\" height=\"403\" srcset=\"https:\/\/ensemblelareveuse.com\/wp-content\/uploads\/2025\/02\/Telerama-2023-11-17-600x403.jpg 600w, https:\/\/ensemblelareveuse.com\/wp-content\/uploads\/2025\/02\/Telerama-2023-11-17-2000x1343.jpg 2000w, https:\/\/ensemblelareveuse.com\/wp-content\/uploads\/2025\/02\/Telerama-2023-11-17-400x269.jpg 400w, https:\/\/ensemblelareveuse.com\/wp-content\/uploads\/2025\/02\/Telerama-2023-11-17-768x516.jpg 768w, https:\/\/ensemblelareveuse.com\/wp-content\/uploads\/2025\/02\/Telerama-2023-11-17-1536x1031.jpg 1536w, https:\/\/ensemblelareveuse.com\/wp-content\/uploads\/2025\/02\/Telerama-2023-11-17-2048x1375.jpg 2048w\" sizes=\"(max-width: 600px) 100vw, 600px\" \/><\/i><\/p>\n<p style=\"text-align: center;\"><em>Article par le 17 novembre 2023, T\u00e9l\u00e9rama<\/em><\/p>\n<p>&nbsp;<\/p>\n<p><i>\u00ab <\/i><i>Ceux qui pensent que l&#8217;activisme musical est surtout l&#8217;apanage des musiciens pop et rock devraient \u00e9couter l&#8217;ensemble classique fran\u00e7ais La R\u00eaveuse. <\/i><\/p>\n<p><i>C&#8217;est un r\u00e9gal pour les oreilles.<\/i><i> \u00bb<\/i><\/p>\n<ol>\n<li><b> Cornell Evers , <\/b><b>Rerporters<\/b><b> Online<\/b><b>, 15\/02\/2023<\/b><\/li>\n<\/ol>\n<p><i>\u00ab<\/i><i>Di tutta la musica cosiddetta \u201ca programma\u201d ossia descrittiva, quella dedicata o ispirata al canto degli uccelli \u00e8 la pi\u00f9 armoniosa e affascinante come ci ricorda questo disco dell\u2019ensemble La R\u00eaveuse diretto da Florence Bolton e Benjamin Perrot.<\/i><i>\u00bb<\/i><\/p>\n<p><b>Paolo Scarnecchia, <\/b><b>Radio Svizzera<\/b><b>, 05\/12\/22 <\/b><\/p>\n<p><i>\u00abPo\u00e9tique et \u00e9cologique, Le Concert des oiseaux de l\u2019ensemble La R\u00eaveuse fait r\u00e9sonner des \u0153uvres du XVIIe si\u00e8cle jusqu\u2019\u00e0 nos jours pour conter la beaut\u00e9 et la fragilit\u00e9 du monde face \u00e0 la disparition des esp\u00e8ces et de leur espace, avec &#8211; au c\u0153ur du d\u00e9bat musical &#8211; un Carnaval des animaux en p\u00e9ril.\u00bb<\/i><\/p>\n<p><b>Carmen <\/b><b>Lunsmann<\/b><b>, <\/b><b>Radio France internationale<\/b><b> 10\/02\/23<\/b><\/p>\n<p>&nbsp;<\/p>\n<p><img loading=\"lazy\" decoding=\"async\" class=\"size-medium wp-image-6986 aligncenter\" src=\"https:\/\/ensemblelareveuse.com\/wp-content\/uploads\/2025\/02\/Liberation-2022-11-10-421x600.jpg\" alt=\"\" width=\"421\" height=\"600\" srcset=\"https:\/\/ensemblelareveuse.com\/wp-content\/uploads\/2025\/02\/Liberation-2022-11-10-421x600.jpg 421w, https:\/\/ensemblelareveuse.com\/wp-content\/uploads\/2025\/02\/Liberation-2022-11-10-1402x2000.jpg 1402w, https:\/\/ensemblelareveuse.com\/wp-content\/uploads\/2025\/02\/Liberation-2022-11-10-280x400.jpg 280w, https:\/\/ensemblelareveuse.com\/wp-content\/uploads\/2025\/02\/Liberation-2022-11-10-768x1095.jpg 768w, https:\/\/ensemblelareveuse.com\/wp-content\/uploads\/2025\/02\/Liberation-2022-11-10-1077x1536.jpg 1077w, https:\/\/ensemblelareveuse.com\/wp-content\/uploads\/2025\/02\/Liberation-2022-11-10-1436x2048.jpg 1436w, https:\/\/ensemblelareveuse.com\/wp-content\/uploads\/2025\/02\/Liberation-2022-11-10-scaled.jpg 1795w\" sizes=\"(max-width: 421px) 100vw, 421px\" \/><\/p>\n<p style=\"text-align: center;\">Article paru le 10 novembre 2022, <em>Lib\u00e9ration<\/em><\/p>\n<p>&nbsp;<\/p>\n<p>\u00ab<i>En ces temps de pauvret\u00e9 des id\u00e9es, nous en faisons rarement l&#8217;exp\u00e9rience : abuser des bonnes choses. La R\u00eaveuse commet ici le plus doux des p\u00e9ch\u00e9s avec cet album rempli d\u2019heureux et \u00e9tranges oiseaux. Il y a beaucoup \u00e0 admirer dans ce disque : notamment l&#8217;imagination avec laquelle l&#8217;ensemble a compos\u00e9 sa voli\u00e8re de musique, en allant de Couperin \u00e0 Britten.<\/i>\u00bb<\/p>\n<p><b>De Standaard<\/b><b>, 15\/02\/23<\/b><\/p>\n<p><i>\u00abUn projet prot\u00e9iforme et engag\u00e9.\u00bb<\/i><\/p>\n<p><b>Anne-Sandrine Girolamo, <\/b><b>Gang Flow<\/b><b>, 29\/01\/23<\/b><\/p>\n<p><i>\u00a0<\/i><i>\u00ab Une promenade sonore fait de fascination, d\u2019imitation et de pure all\u00e9gresse.\u00bb <\/i><\/p>\n<p><b>Elle<\/b>,<b> 16\/02\/23<\/b><\/p>\n<p>&nbsp;<\/p>\n<p>&nbsp;<\/p>\n<p><i><img loading=\"lazy\" decoding=\"async\" class=\"size-medium wp-image-6987 aligncenter\" src=\"https:\/\/ensemblelareveuse.com\/wp-content\/uploads\/2025\/02\/Diapason-janvier-2023-critique-Carnaval-des-animaux-600x414.png\" alt=\"\" width=\"600\" height=\"414\" srcset=\"https:\/\/ensemblelareveuse.com\/wp-content\/uploads\/2025\/02\/Diapason-janvier-2023-critique-Carnaval-des-animaux-600x414.png 600w, https:\/\/ensemblelareveuse.com\/wp-content\/uploads\/2025\/02\/Diapason-janvier-2023-critique-Carnaval-des-animaux-400x276.png 400w, https:\/\/ensemblelareveuse.com\/wp-content\/uploads\/2025\/02\/Diapason-janvier-2023-critique-Carnaval-des-animaux-768x530.png 768w, https:\/\/ensemblelareveuse.com\/wp-content\/uploads\/2025\/02\/Diapason-janvier-2023-critique-Carnaval-des-animaux.png 1060w\" sizes=\"(max-width: 600px) 100vw, 600px\" \/><\/i><\/p>\n<p style=\"text-align: center;\">Article paru en janvier 2023, <em>Diapason<\/em><\/p>\n<p>&nbsp;<\/p>\n<p><i>\u00abUn disque au livret d&#8217;une riche iconographie et au texte passionnant sign\u00e9 Florence Bolton, qui trace un parcours musical rendant hommage aux chants d&#8217;oiseaux..\u00a0\u00bb<\/i><\/p>\n<p><b>Fr\u00e9d\u00e9ric <\/b><b>Hutman<\/b><b>, <\/b><b>Ondes Sensibles<\/b><b>, 11\/02\/2023<\/b><\/p>\n<p><i>\u00abLe Concert des Oiseaux est un r\u00e9gal pour les oreilles et contient de nombreux joyaux musicaux.\u00bb<\/i><\/p>\n<ol>\n<li><b> <\/b><b>Cornelle<\/b> <b>Evers<\/b><b>, <\/b><b>CC Ryder<\/b><b>, 10\/02\/2023<\/b><\/li>\n<\/ol>\n<p><i>\u00ab Remarquablement renversant .\u00bb<\/i><\/p>\n<p><b>A\/R Magazine Voyageur<\/b><b>, 03\/2023<\/b><\/p>\n<p><b>\u00a0<\/b><img loading=\"lazy\" decoding=\"async\" class=\"size-medium wp-image-6874 aligncenter\" src=\"https:\/\/ensemblelareveuse.com\/wp-content\/uploads\/2025\/02\/Le-Concert-des-Oiseaux-Le-Carnaval-des-animaux-600x600.jpg\" alt=\"\" width=\"600\" height=\"600\" srcset=\"https:\/\/ensemblelareveuse.com\/wp-content\/uploads\/2025\/02\/Le-Concert-des-Oiseaux-Le-Carnaval-des-animaux-600x600.jpg 600w, https:\/\/ensemblelareveuse.com\/wp-content\/uploads\/2025\/02\/Le-Concert-des-Oiseaux-Le-Carnaval-des-animaux-2000x2000.jpg 2000w, https:\/\/ensemblelareveuse.com\/wp-content\/uploads\/2025\/02\/Le-Concert-des-Oiseaux-Le-Carnaval-des-animaux-400x400.jpg 400w, https:\/\/ensemblelareveuse.com\/wp-content\/uploads\/2025\/02\/Le-Concert-des-Oiseaux-Le-Carnaval-des-animaux-768x768.jpg 768w, https:\/\/ensemblelareveuse.com\/wp-content\/uploads\/2025\/02\/Le-Concert-des-Oiseaux-Le-Carnaval-des-animaux-1536x1536.jpg 1536w, https:\/\/ensemblelareveuse.com\/wp-content\/uploads\/2025\/02\/Le-Concert-des-Oiseaux-Le-Carnaval-des-animaux-2048x2048.jpg 2048w, https:\/\/ensemblelareveuse.com\/wp-content\/uploads\/2025\/02\/Le-Concert-des-Oiseaux-Le-Carnaval-des-animaux-100x100.jpg 100w\" sizes=\"(max-width: 600px) 100vw, 600px\" \/><\/p>","protected":false},"excerpt":{"rendered":"<p>Sorry, this entry is only available in French. For the sake of viewer convenience, the content is shown below in &hellip; <\/p>\n<p class=\"link-more\"><a href=\"https:\/\/ensemblelareveuse.com\/en\/extrait-de-presse-carnaval-des-animaux\/\" class=\"more-link\">Continue reading<span class=\"screen-reader-text\"> &#8220;Extrait de presse Carnaval des animaux&#8221;<\/span><\/a><\/p>\n","protected":false},"author":6,"featured_media":0,"parent":0,"menu_order":0,"comment_status":"closed","ping_status":"closed","template":"","meta":{"footnotes":""},"_links":{"self":[{"href":"https:\/\/ensemblelareveuse.com\/en\/wp-json\/wp\/v2\/pages\/6872"}],"collection":[{"href":"https:\/\/ensemblelareveuse.com\/en\/wp-json\/wp\/v2\/pages"}],"about":[{"href":"https:\/\/ensemblelareveuse.com\/en\/wp-json\/wp\/v2\/types\/page"}],"author":[{"embeddable":true,"href":"https:\/\/ensemblelareveuse.com\/en\/wp-json\/wp\/v2\/users\/6"}],"replies":[{"embeddable":true,"href":"https:\/\/ensemblelareveuse.com\/en\/wp-json\/wp\/v2\/comments?post=6872"}],"version-history":[{"count":9,"href":"https:\/\/ensemblelareveuse.com\/en\/wp-json\/wp\/v2\/pages\/6872\/revisions"}],"predecessor-version":[{"id":6988,"href":"https:\/\/ensemblelareveuse.com\/en\/wp-json\/wp\/v2\/pages\/6872\/revisions\/6988"}],"wp:attachment":[{"href":"https:\/\/ensemblelareveuse.com\/en\/wp-json\/wp\/v2\/media?parent=6872"}],"curies":[{"name":"wp","href":"https:\/\/api.w.org\/{rel}","templated":true}]}}